{"id":20,"date":"2024-09-24T11:25:02","date_gmt":"2024-09-24T09:25:02","guid":{"rendered":"https:\/\/gille-gestaltung.de\/isabelle\/?page_id=20"},"modified":"2024-10-18T09:18:07","modified_gmt":"2024-10-18T07:18:07","slug":"datenschutz","status":"publish","type":"page","link":"https:\/\/schmidtberaten.tax\/en\/datenschutz\/","title":{"rendered":"Data protection"},"content":{"rendered":"<div data-elementor-type=\"wp-page\" data-elementor-id=\"20\" class=\"elementor elementor-20\">\n\t\t\t\t<div class=\"elementor-element elementor-element-586037f e-flex e-con-boxed e-con e-parent\" data-id=\"586037f\" data-element_type=\"container\" data-settings=\"{&quot;background_background&quot;:&quot;classic&quot;}\">\n\t\t\t\t\t<div class=\"e-con-inner\">\n\t\t\t\t<div class=\"elementor-element elementor-element-1f5e9c8 elementor-widget elementor-widget-heading\" data-id=\"1f5e9c8\" data-element_type=\"widget\" data-widget_type=\"heading.default\">\n\t\t\t\t<div class=\"elementor-widget-container\">\n\t\t\t\t\t<h3 class=\"elementor-heading-title elementor-size-default\">Datenschutzerkl\u00e4rung<\/h3>\t\t\t\t<\/div>\n\t\t\t\t<\/div>\n\t\t\t\t\t<\/div>\n\t\t\t\t<\/div>\n\t\t<div class=\"elementor-element elementor-element-edc9b3b e-flex e-con-boxed e-con e-parent\" data-id=\"edc9b3b\" data-element_type=\"container\">\n\t\t\t\t\t<div class=\"e-con-inner\">\n\t\t\t\t<div class=\"elementor-element elementor-element-d7c30fb elementor-widget elementor-widget-heading\" data-id=\"d7c30fb\" data-element_type=\"widget\" data-widget_type=\"heading.default\">\n\t\t\t\t<div class=\"elementor-widget-container\">\n\t\t\t\t\t<h3 class=\"elementor-heading-title elementor-size-default\">\u00a7 1 Haftungsbeschr\u00e4nkung<\/h3>\t\t\t\t<\/div>\n\t\t\t\t<\/div>\n\t\t\t\t<div class=\"elementor-element elementor-element-90aed84 elementor-widget elementor-widget-text-editor\" data-id=\"90aed84\" data-element_type=\"widget\" data-widget_type=\"text-editor.default\">\n\t\t\t\t<div class=\"elementor-widget-container\">\n\t\t\t\t\t\t\t\t\t<p>Die Inhalte dieser Website werden mit gr\u00f6\u00dftm\u00f6glicher Sorgfalt erstellt. Der Anbieter \u00fcbernimmt jedoch keine Gew\u00e4hr f\u00fcr die Richtigkeit, Vollst\u00e4ndigkeit und Aktualit\u00e4t der bereitgestellten Inhalte. Die Nutzung der Inhalte der Website erfolgt auf eigene Gefahr des Nutzers. Namentlich gekennzeichnete Beitr\u00e4ge geben die Meinung des jeweiligen Autors und nicht immer die Meinung des Anbieters wieder. Mit der reinen Nutzung der Website des Anbieters kommt keinerlei Vertragsverh\u00e4ltnis zwischen dem Nutzer und dem Anbieter zustande.<\/p>\t\t\t\t\t\t\t\t<\/div>\n\t\t\t\t<\/div>\n\t\t\t\t\t<\/div>\n\t\t\t\t<\/div>\n\t\t<div class=\"elementor-element elementor-element-2949647 e-flex e-con-boxed e-con e-parent\" data-id=\"2949647\" data-element_type=\"container\">\n\t\t\t\t\t<div class=\"e-con-inner\">\n\t\t\t\t<div class=\"elementor-element elementor-element-a847a5d elementor-widget elementor-widget-heading\" data-id=\"a847a5d\" data-element_type=\"widget\" data-widget_type=\"heading.default\">\n\t\t\t\t<div class=\"elementor-widget-container\">\n\t\t\t\t\t<h3 class=\"elementor-heading-title elementor-size-default\">\u00a7 2 Externe Links<\/h3>\t\t\t\t<\/div>\n\t\t\t\t<\/div>\n\t\t\t\t<div class=\"elementor-element elementor-element-f2bef4e elementor-widget elementor-widget-text-editor\" data-id=\"f2bef4e\" data-element_type=\"widget\" data-widget_type=\"text-editor.default\">\n\t\t\t\t<div class=\"elementor-widget-container\">\n\t\t\t\t\t\t\t\t\t<p>Diese Website enth\u00e4lt Verkn\u00fcpfungen zu Websites Dritter (&#8222;externe Links&#8220;). Diese Websites unterliegen der Haftung der jeweiligen Betreiber. Der Anbieter hat bei der erstmaligen Verkn\u00fcpfung der externen Links die fremden Inhalte daraufhin \u00fcberpr\u00fcft, ob etwaige Rechtsverst\u00f6\u00dfe bestehen. Zu dem Zeitpunkt waren keine Rechtsverst\u00f6\u00dfe ersichtlich. Der Anbieter hat keinerlei Einfluss auf die aktuelle und zuk\u00fcnftige Gestaltung und auf die Inhalte der verkn\u00fcpften Seiten. Das Setzen von externen Links bedeutet nicht, dass sich der Anbieter die hinter dem Verweis oder Link liegenden Inhalte zu Eigen macht. Eine st\u00e4ndige Kontrolle der externen Links ist f\u00fcr den Anbieter ohne konkrete Hinweise auf Rechtsverst\u00f6\u00dfe nicht zumutbar. Bei Kenntnis von Rechtsverst\u00f6\u00dfen werden jedoch derartige externe Links unverz\u00fcglich gel\u00f6scht.<\/p>\t\t\t\t\t\t\t\t<\/div>\n\t\t\t\t<\/div>\n\t\t\t\t\t<\/div>\n\t\t\t\t<\/div>\n\t\t<div class=\"elementor-element elementor-element-3687d05 e-flex e-con-boxed e-con e-parent\" data-id=\"3687d05\" data-element_type=\"container\">\n\t\t\t\t\t<div class=\"e-con-inner\">\n\t\t\t\t<div class=\"elementor-element elementor-element-8fc7541 elementor-widget elementor-widget-heading\" data-id=\"8fc7541\" data-element_type=\"widget\" data-widget_type=\"heading.default\">\n\t\t\t\t<div class=\"elementor-widget-container\">\n\t\t\t\t\t<h3 class=\"elementor-heading-title elementor-size-default\">\u00a7 3 Urheber- und Leistungsschutzrechte<\/h3>\t\t\t\t<\/div>\n\t\t\t\t<\/div>\n\t\t\t\t<div class=\"elementor-element elementor-element-52e7cbd elementor-widget elementor-widget-text-editor\" data-id=\"52e7cbd\" data-element_type=\"widget\" data-widget_type=\"text-editor.default\">\n\t\t\t\t<div class=\"elementor-widget-container\">\n\t\t\t\t\t\t\t\t\t<p>Die auf dieser Website ver\u00f6ffentlichten Inhalte unterliegen dem deutschen Urheber- und Leistungsschutzrecht. Jede vom deutschen Urheber- und Leistungsschutzrecht nicht zugelassene Verwertung bedarf der vorherigen schriftlichen Zustimmung des Anbieters oder jeweiligen Rechteinhabers. Dies gilt insbesondere f\u00fcr Vervielf\u00e4ltigung, Bearbeitung, \u00dcbersetzung, Einspeicherung, Verarbeitung bzw. Wiedergabe von Inhalten in Datenbanken oder anderen elektronischen Medien und Systemen. Inhalte und Rechte Dritter sind dabei als solche gekennzeichnet. Die unerlaubte Vervielf\u00e4ltigung oder Weitergabe einzelner Inhalte oder kompletter Seiten ist nicht gestattet und strafbar. Lediglich die Herstellung von Kopien und Downloads f\u00fcr den pers\u00f6nlichen, privaten und nicht kommerziellen Gebrauch ist erlaubt.<br \/>Die Darstellung dieser Website in fremden Frames ist nur mit schriftlicher Erlaubnis zul\u00e4ssig.<\/p>\t\t\t\t\t\t\t\t<\/div>\n\t\t\t\t<\/div>\n\t\t\t\t\t<\/div>\n\t\t\t\t<\/div>\n\t\t<div class=\"elementor-element elementor-element-4b4d388 e-flex e-con-boxed e-con e-parent\" data-id=\"4b4d388\" data-element_type=\"container\">\n\t\t\t\t\t<div class=\"e-con-inner\">\n\t\t\t\t<div class=\"elementor-element elementor-element-53f1608 elementor-widget elementor-widget-heading\" data-id=\"53f1608\" data-element_type=\"widget\" data-widget_type=\"heading.default\">\n\t\t\t\t<div class=\"elementor-widget-container\">\n\t\t\t\t\t<h3 class=\"elementor-heading-title elementor-size-default\">\u00a7 4 Besondere Nutzungsbedingungen<\/h3>\t\t\t\t<\/div>\n\t\t\t\t<\/div>\n\t\t\t\t<div class=\"elementor-element elementor-element-efe14de elementor-widget elementor-widget-text-editor\" data-id=\"efe14de\" data-element_type=\"widget\" data-widget_type=\"text-editor.default\">\n\t\t\t\t<div class=\"elementor-widget-container\">\n\t\t\t\t\t\t\t\t\t<p>Soweit besondere Bedingungen f\u00fcr einzelne Nutzungen dieser Website von den vorgenannten Paragraphen abweichen, wird an entsprechender Stelle ausdr\u00fccklich darauf hingewiesen. In diesem Falle gelten im jeweiligen Einzelfall die besonderen Nutzungsbedingungen.<br \/><br \/><em>Quelle: Impressum-recht.de<\/em><\/p>\t\t\t\t\t\t\t\t<\/div>\n\t\t\t\t<\/div>\n\t\t\t\t\t<\/div>\n\t\t\t\t<\/div>\n\t\t<div class=\"elementor-element elementor-element-d033c7a e-flex e-con-boxed e-con e-parent\" data-id=\"d033c7a\" data-element_type=\"container\">\n\t\t\t\t\t<div class=\"e-con-inner\">\n\t\t\t\t<div class=\"elementor-element elementor-element-ef57ca9 elementor-widget elementor-widget-heading\" data-id=\"ef57ca9\" data-element_type=\"widget\" data-widget_type=\"heading.default\">\n\t\t\t\t<div class=\"elementor-widget-container\">\n\t\t\t\t\t<h2 class=\"elementor-heading-title elementor-size-default\">Ausf\u00fchrliche Datenschutzerkl\u00e4rung<\/h2>\t\t\t\t<\/div>\n\t\t\t\t<\/div>\n\t\t\t\t<div class=\"elementor-element elementor-element-11ae69b elementor-widget elementor-widget-heading\" data-id=\"11ae69b\" data-element_type=\"widget\" data-widget_type=\"heading.default\">\n\t\t\t\t<div class=\"elementor-widget-container\">\n\t\t\t\t\t<h3 class=\"elementor-heading-title elementor-size-default\">1. Name und Kontaktdaten des Verantwortlichen<\/h3>\t\t\t\t<\/div>\n\t\t\t\t<\/div>\n\t\t\t\t<div class=\"elementor-element elementor-element-8581877 elementor-widget elementor-widget-text-editor\" data-id=\"8581877\" data-element_type=\"widget\" data-widget_type=\"text-editor.default\">\n\t\t\t\t<div class=\"elementor-widget-container\">\n\t\t\t\t\t\t\t\t\t<p>Diese Datenschutzerkl\u00e4rung informiert \u00fcber die Verarbeitung personenbezogener Daten auf der Kanzleiwebseite von: Isabelle Varga-Schmidt, Steuerberaterin, Wilhelm-Fl\u00f6gel-Ring 54 in 60437 Frankfurt, www.schmidtberaten.tax.<\/p>\t\t\t\t\t\t\t\t<\/div>\n\t\t\t\t<\/div>\n\t\t\t\t\t<\/div>\n\t\t\t\t<\/div>\n\t\t<div class=\"elementor-element elementor-element-a3a6186 e-flex e-con-boxed e-con e-parent\" data-id=\"a3a6186\" data-element_type=\"container\">\n\t\t\t\t\t<div class=\"e-con-inner\">\n\t\t\t\t<div class=\"elementor-element elementor-element-cf3c08c elementor-widget elementor-widget-heading\" data-id=\"cf3c08c\" data-element_type=\"widget\" data-widget_type=\"heading.default\">\n\t\t\t\t<div class=\"elementor-widget-container\">\n\t\t\t\t\t<h3 class=\"elementor-heading-title elementor-size-default\">2. Umfang und Zweck der Verarbeitung personenbezogener Daten<\/h3>\t\t\t\t<\/div>\n\t\t\t\t<\/div>\n\t\t\t\t<div class=\"elementor-element elementor-element-da6d083 elementor-widget elementor-widget-text-editor\" data-id=\"da6d083\" data-element_type=\"widget\" data-widget_type=\"text-editor.default\">\n\t\t\t\t<div class=\"elementor-widget-container\">\n\t\t\t\t\t\t\t\t\t<p>Beim Aufruf dieser Webseite www.schmidtberaten.tax werden durch den Internet-Browser, den der Besucher verwendet, automatisch Daten an den Server dieser Webseite gesendet und zeitlich begrenzt in einer Protokolldatei (Logfile) gespeichert. Bis zur automatischen L\u00f6schung werden nachstehende Daten ohne weitere Eingabe des Besuchers gespeichert:<br \/>\u2013 IP-Adresse des Endger\u00e4ts des Besuchers,<br \/>\u2013 Datum und Uhrzeit des Zugriffs durch den Besucher,<br \/>\u2013 Name und URL der vom Besucher aufgerufenen Seite,<br \/>\u2013 Webseite, von der aus der Besucher auf die Kanzleiwebseite gelangt (sog. Referrer-URL),<br \/>\u2013 Browser und Betriebssystem des Endger\u00e4ts des Besuchers sowie der Name des vom Besucher verwendeten Access-Providers.<br \/>Die Verarbeitung dieser personenbezogenen Daten ist gem. Art. 6 Abs. 1 Satz 1 Buchst. f) DSGVO gerechtfertigt. Die Kanzlei hat ein berechtigtes Interesse an der Datenverarbeitung zu dem Zweck,<br \/>\u2013 die Verbindung zur Webseite der Kanzlei z\u00fcgig aufzubauen,<br \/>\u2013 eine nutzerfreundliche Anwendung der Webseite zu erm\u00f6glichen,<br \/>\u2013 die Sicherheit und Stabilit\u00e4t der Systeme zu erkennen und zu gew\u00e4hrleisten und<br \/>\u2013 die Administration der Webseite zu erleichtern und zu verbessern.<br \/>Die Verarbeitung erfolgt ausdr\u00fccklich nicht zu dem Zweck, Erkenntnisse \u00fcber die Person des Besuchers der Webseite zu gewinnen.<\/p>\t\t\t\t\t\t\t\t<\/div>\n\t\t\t\t<\/div>\n\t\t\t\t\t<\/div>\n\t\t\t\t<\/div>\n\t\t<div class=\"elementor-element elementor-element-e081a9d e-flex e-con-boxed e-con e-parent\" data-id=\"e081a9d\" data-element_type=\"container\">\n\t\t\t\t\t<div class=\"e-con-inner\">\n\t\t\t\t<div class=\"elementor-element elementor-element-fc8a8f9 elementor-widget elementor-widget-heading\" data-id=\"fc8a8f9\" data-element_type=\"widget\" data-widget_type=\"heading.default\">\n\t\t\t\t<div class=\"elementor-widget-container\">\n\t\t\t\t\t<h3 class=\"elementor-heading-title elementor-size-default\">3. Weitergabe von Daten<\/h3>\t\t\t\t<\/div>\n\t\t\t\t<\/div>\n\t\t\t\t<div class=\"elementor-element elementor-element-404472b elementor-widget elementor-widget-text-editor\" data-id=\"404472b\" data-element_type=\"widget\" data-widget_type=\"text-editor.default\">\n\t\t\t\t<div class=\"elementor-widget-container\">\n\t\t\t\t\t\t\t\t\t<p>Personenbezogene Daten werden an Dritte \u00fcbermittelt, wenn<br \/>nach Art. 6 Abs. 1 Satz 1 Buchst. a) DSGVO durch die betroffene Person ausdr\u00fccklich dazu eingewilligt wurde,<br \/>die Weitergabe nach Art. 6 Abs. 1 Satz 1 Buchst. f) DSGVO zur Geltendmachung, Aus\u00fcbung oder Verteidigung von Rechtsanspr\u00fcchen erforderlich ist und kein Grund zur Annahme besteht, dass die betroffene Person ein \u00fcberwiegendes schutzw\u00fcrdiges Interesse an der Nichtweitergabe ihrer Daten hat,<br \/>f\u00fcr die Daten\u00fcbermittlung nach Art. 6 Abs. 1 Satz 1 Buchst. c) DSGVO eine gesetzliche Verpflichtung besteht, und\/oder<br \/>dies nach Art. 6 Abs. 1 Satz 1 Buchst. b) DSGVO f\u00fcr die Erf\u00fcllung eines Vertragsverh\u00e4ltnisses mit der betroffenen Person erforderlich ist.<br \/>In anderen F\u00e4llen werden personenbezogene Daten nicht an Dritte weitergegeben.<\/p>\t\t\t\t\t\t\t\t<\/div>\n\t\t\t\t<\/div>\n\t\t\t\t\t<\/div>\n\t\t\t\t<\/div>\n\t\t<div class=\"elementor-element elementor-element-37cebe8 e-flex e-con-boxed e-con e-parent\" data-id=\"37cebe8\" data-element_type=\"container\">\n\t\t\t\t\t<div class=\"e-con-inner\">\n\t\t\t\t<div class=\"elementor-element elementor-element-bc12557 elementor-widget elementor-widget-heading\" data-id=\"bc12557\" data-element_type=\"widget\" data-widget_type=\"heading.default\">\n\t\t\t\t<div class=\"elementor-widget-container\">\n\t\t\t\t\t<h3 class=\"elementor-heading-title elementor-size-default\">4. Cookies<\/h3>\t\t\t\t<\/div>\n\t\t\t\t<\/div>\n\t\t\t\t<div class=\"elementor-element elementor-element-15c1c13 elementor-widget elementor-widget-text-editor\" data-id=\"15c1c13\" data-element_type=\"widget\" data-widget_type=\"text-editor.default\">\n\t\t\t\t<div class=\"elementor-widget-container\">\n\t\t\t\t\t\t\t\t\t<p>Auf der Webseite werden sog. Cookies eingesetzt. Das sind Datenpakete, die zwischen dem Server der Kanzleiwebseite und dem Browser des Besuchers ausgetauscht werden. Diese werden beim Besuch der Webseite von den jeweils verwendeten Ger\u00e4ten (PC, Notebook, Tablet, Smartphone etc.) gespeichert. Cookies k\u00f6nnen insoweit keine Sch\u00e4den auf den verwendeten Ger\u00e4ten anrichten. Insbesondere enthalten sie keine Viren oder sonstige Schadsoftware. In den Cookies werden Informationen abgelegt, die sich jeweils im Zusammenhang mit dem spezifisch eingesetzten Endger\u00e4t ergeben. Die Kanzlei kann damit keinesfalls unmittelbar Kenntnis von der Identit\u00e4t des Besuchers der Webseite erhalten. Cookies werden nach den Grundeinstellungen der Browser gr\u00f6\u00dftenteils akzeptiert. Die Browsereinstellungen k\u00f6nnen so eingerichtet werden, dass Cookies entweder auf den verwendeten Ger\u00e4ten nicht akzeptiert werden, oder dass jeweils ein besonderer Hinweis erfolgt, bevor ein neuer Cookie angelegt wird. Es wird allerdings darauf hingewiesen, dass die Deaktivierung von Cookies dazu f\u00fchren kann, dass nicht alle Funktionen der Webseite bestm\u00f6glich genutzt werden k\u00f6nnen. Der Einsatz von Cookies dient dazu, die Nutzung des Webangebots der Kanzlei komfortabler zu gestalten. So kann beispielsweise anhand von Session-Cookies nachvollzogen werden, ob der Besucher einzelne Seiten derWebseite bereits besucht hat. Nach Verlassen derWebseite werden diese Session-Cookies automatisch gel\u00f6scht. Zur Verbesserung der Benutzerfreundlichkeit werden tempor\u00e4re Cookies eingesetzt. Sie werden f\u00fcr einen vor\u00fcbergehenden Zeitraum auf dem Ger\u00e4t des Besuchers gespeichert. Bei erneutem Besuch der Webseite wird automatisch erkannt, dass der Besucher die Seite bereits zu einem fr\u00fcheren Zeitpunkt aufgerufen hat und welche Eingaben und Einstellungen dabei vorgenommen wurden, um diese nicht wiederholen zu m\u00fcssen. Der Einsatz von Cookies erfolgt au\u00dferdem, um die Aufrufe derWebseite zu statistischen Zwecken und zum Zwecke der Verbesserung des Angebotes zu analysieren. Diese Cookies erm\u00f6glichen es, bei einem erneuten Besuch automatisch zu erkennen, dass die Webseite bereits zuvor vom Besucher aufgerufen wurde. Hier erfolgt nach einer jeweils festgelegten Zeit eine automatische L\u00f6schung der Cookies. Die durch Cookies verarbeiteten Daten sind f\u00fcr die o. g. Zwecke zurWahrung der berechtigten Interessen der Kanzlei nach Art. 6 Abs. 1 Satz 1 Buchst. f) DSGVO gerechtfertigt.<\/p>\t\t\t\t\t\t\t\t<\/div>\n\t\t\t\t<\/div>\n\t\t\t\t\t<\/div>\n\t\t\t\t<\/div>\n\t\t<div class=\"elementor-element elementor-element-4de5d63 e-flex e-con-boxed e-con e-parent\" data-id=\"4de5d63\" data-element_type=\"container\">\n\t\t\t\t\t<div class=\"e-con-inner\">\n\t\t\t\t<div class=\"elementor-element elementor-element-a4301cb elementor-widget elementor-widget-heading\" data-id=\"a4301cb\" data-element_type=\"widget\" data-widget_type=\"heading.default\">\n\t\t\t\t<div class=\"elementor-widget-container\">\n\t\t\t\t\t<h3 class=\"elementor-heading-title elementor-size-default\">5. Ihre Rechte als betroffene Person<\/h3>\t\t\t\t<\/div>\n\t\t\t\t<\/div>\n\t\t\t\t<div class=\"elementor-element elementor-element-27861b6 elementor-widget elementor-widget-text-editor\" data-id=\"27861b6\" data-element_type=\"widget\" data-widget_type=\"text-editor.default\">\n\t\t\t\t<div class=\"elementor-widget-container\">\n\t\t\t\t\t\t\t\t\t<p>Soweit Ihre personenbezogenen Daten anl\u00e4sslich des Besuchs unserer Webseite verarbeitet werden, stehen Ihnen als \u201ebetroffene Person\u201c im Sinne der DSGVO folgende Rechte zu:<\/p>\t\t\t\t\t\t\t\t<\/div>\n\t\t\t\t<\/div>\n\t\t\t\t<div class=\"elementor-element elementor-element-d1d71b6 elementor-widget elementor-widget-heading\" data-id=\"d1d71b6\" data-element_type=\"widget\" data-widget_type=\"heading.default\">\n\t\t\t\t<div class=\"elementor-widget-container\">\n\t\t\t\t\t<h4 class=\"elementor-heading-title elementor-size-default\">5.1 Auskunft<\/h4>\t\t\t\t<\/div>\n\t\t\t\t<\/div>\n\t\t\t\t<div class=\"elementor-element elementor-element-1f73111 elementor-widget elementor-widget-text-editor\" data-id=\"1f73111\" data-element_type=\"widget\" data-widget_type=\"text-editor.default\">\n\t\t\t\t<div class=\"elementor-widget-container\">\n\t\t\t\t\t\t\t\t\t<p>Sie k\u00f6nnen von uns Auskunft dar\u00fcber verlangen, ob personenbezogene Daten von Ihnen bei uns verarbeitet werden. Kein Auskunftsrecht besteht, wenn die Erteilung der begehrten Informationen gegen die Verschwiegenheitspflicht gem. \u00a7 83 StBerG versto\u00dfen w\u00fcrde oder die Informationen aus sonstigen Gr\u00fcnden, insbesondere wegen eines \u00fcberwiegenden berechtigten Interesses eines Dritten, geheim gehalten werden m\u00fcssen. Hiervon abweichend kann eine Pflicht zur Erteilung der Auskunft bestehen, wenn insbesondere unter Ber\u00fccksichtigung drohender Sch\u00e4den Ihre Interessen gegen\u00fcber dem Geheimhaltungsinteresse \u00fcberwiegen. Das Auskunftsrecht ist ferner ausgeschlossen, wenn die Daten nur deshalb gespeichert sind, weil sie aufgrund gesetzlicher oder satzungsm\u00e4\u00dfiger Aufbewahrungsfristen nicht gel\u00f6scht werden d\u00fcrfen oder ausschlie\u00dflich Zwecken der Datensicherung oder der Datenschutzkontrolle dienen, sofern die Auskunftserteilung einen unverh\u00e4ltnism\u00e4\u00dfig hohen Aufwand erfordern w\u00fcrde und die Verarbeitung zu anderen Zwecken durch geeignete technische und organisatorische Ma\u00dfnahmen ausgeschlossen ist. Sofern in Ihrem Fall das Auskunftsrecht nicht ausgeschlossen ist und Ihre personenbezogenen Daten von uns verarbeitet werden, k\u00f6nnen Sie von uns Auskunft \u00fcber folgende Informationen verlangen:<br \/>Zwecke der Verarbeitung,<br \/>Kategorien der von Ihnen verarbeiteten personenbezogenen Daten,<br \/>Empf\u00e4nger oder Kategorien von Empf\u00e4ngern, gegen\u00fcber denen Ihre personenbezogenen Daten offen gelegt werden, insbesondere bei Empf\u00e4ngern in Drittl\u00e4ndern,<br \/>falls m\u00f6glich die geplante Dauer, f\u00fcr die Ihre personenbezogenen Daten gespeichert werden oder, falls dies nicht m\u00f6glich ist, die Kriterien f\u00fcr die Festlegung der Speicherdauer,<br \/>das Bestehen eines Rechts auf Berichtigung oder L\u00f6schung oder Einschr\u00e4nkung der Verarbeitung der Sie betreffenden personenbezogenen Daten oder eines Widerspruchsrechts gegen diese Verarbeitung,<br \/>das Bestehen eines Beschwerderechts bei einer Aufsichtsbeh\u00f6rde f\u00fcr den Datenschutz,<br \/>sofern die personenbezogenen Daten nicht bei Ihnen als betroffene Person erhoben worden sind, die verf\u00fcgbaren Informationen \u00fcber die Datenherkunft,<br \/>ggf. das Bestehen einer automatisierten Entscheidungsfindung einschlie\u00dflich Profiling und aussagekr\u00e4ftige Informationen \u00fcber die involvierte Logik sowie die Tragweite und angestrebten Auswirkungen automatisierter Entscheidungsfindungen,<br \/>ggf. im Fall der \u00dcbermittlung an Empf\u00e4nger in Drittl\u00e4ndern, sofern kein Beschluss der EUKommission \u00fcber die Angemessenheit des Schutzniveaus nach Art. 45 Abs. 3 DSGVO vorliegt, Informationen dar\u00fcber, welche geeigneten Garantien gem. Art. 46 Abs. 2 DSGVO zum Schutze der personenbezogenen Daten vorgesehen sind.<\/p>\t\t\t\t\t\t\t\t<\/div>\n\t\t\t\t<\/div>\n\t\t\t\t<div class=\"elementor-element elementor-element-45b89fd elementor-widget elementor-widget-heading\" data-id=\"45b89fd\" data-element_type=\"widget\" data-widget_type=\"heading.default\">\n\t\t\t\t<div class=\"elementor-widget-container\">\n\t\t\t\t\t<h4 class=\"elementor-heading-title elementor-size-default\">5.2 Berichtigung und Vervollst\u00e4ndigung<\/h4>\t\t\t\t<\/div>\n\t\t\t\t<\/div>\n\t\t\t\t<div class=\"elementor-element elementor-element-16445ac elementor-widget elementor-widget-text-editor\" data-id=\"16445ac\" data-element_type=\"widget\" data-widget_type=\"text-editor.default\">\n\t\t\t\t<div class=\"elementor-widget-container\">\n\t\t\t\t\t\t\t\t\t<p>Sofern Sie feststellen, dass uns unrichtige personenbezogene Daten von Ihnen vorliegen, k\u00f6nnen Sie von uns die unverz\u00fcgliche Berichtigung dieser unrichtigen Daten verlangen. Bei unvollst\u00e4ndigen Sie betreffenden personenbezogenen Daten k\u00f6nnen sie die Vervollst\u00e4ndigung verlangen.<\/p>\t\t\t\t\t\t\t\t<\/div>\n\t\t\t\t<\/div>\n\t\t\t\t<div class=\"elementor-element elementor-element-7485486 elementor-widget elementor-widget-heading\" data-id=\"7485486\" data-element_type=\"widget\" data-widget_type=\"heading.default\">\n\t\t\t\t<div class=\"elementor-widget-container\">\n\t\t\t\t\t<h4 class=\"elementor-heading-title elementor-size-default\">5.3 L\u00f6schung<\/h4>\t\t\t\t<\/div>\n\t\t\t\t<\/div>\n\t\t\t\t<div class=\"elementor-element elementor-element-d3cc948 elementor-widget elementor-widget-text-editor\" data-id=\"d3cc948\" data-element_type=\"widget\" data-widget_type=\"text-editor.default\">\n\t\t\t\t<div class=\"elementor-widget-container\">\n\t\t\t\t\t\t\t\t\t<p>Sie haben ein Recht auf L\u00f6schung (\u201eRecht auf Vergessenwerden\u201c), sofern die Verarbeitung nicht zur Aus\u00fcbung des Rechts auf freie Meinungs\u00e4u\u00dferung, des Rechts auf Information oder zur Erf\u00fcllung einer rechtlichen Verpflichtung oder zur Wahrnehmung einer Aufgabe, die im \u00f6ffentlichen Interesse liegt, erforderlich ist und einer der nachstehenden Gr\u00fcnde zutrifft:<br \/>Die personenbezogenen Daten sind f\u00fcr die Zwecke, f\u00fcr die sie verarbeitet wurden, nicht mehr notwendig.<br \/>Die Rechtfertigungsgrundlage f\u00fcr die Verarbeitung war ausschlie\u00dflich Ihre Einwilligung, welche Sie widerrufen haben.<br \/>Sie haben Widerspruch gegen die Verarbeitung Ihrer personenbezogenen Daten eingelegt, die wir \u00f6ffentlich gemacht haben.<br \/>Sie habenWiderspruch gegen die Verarbeitung von uns nicht \u00f6ffentlich gemachter personenbezogener Daten eingelegt und es liegen keine vorrangigen berechtigten Gr\u00fcnde f\u00fcr die Verarbeitung vor.<br \/>Ihre personenbezogenen Daten wurden unrechtm\u00e4\u00dfig verarbeitet.<br \/>Die L\u00f6schung der personenbezogenen Daten ist zur Erf\u00fcllung einer gesetzlichen Verpflichtung, der wir unterliegen, erforderlich.<br \/>Kein Anspruch auf L\u00f6schung besteht, wenn die L\u00f6schung im Falle rechtm\u00e4\u00dfiger nicht automatisierter Datenverarbeitung wegen der besonderen Art der Speicherung nicht oder nur mit unverh\u00e4ltnism\u00e4\u00dfig hohem Aufwand m\u00f6glich und Ihr Interesse an der L\u00f6schung gering ist. In diesem Fall tritt an die Stelle einer L\u00f6schung die Einschr\u00e4nkung der Verarbeitung.<\/p>\t\t\t\t\t\t\t\t<\/div>\n\t\t\t\t<\/div>\n\t\t\t\t<div class=\"elementor-element elementor-element-f8396de elementor-widget elementor-widget-heading\" data-id=\"f8396de\" data-element_type=\"widget\" data-widget_type=\"heading.default\">\n\t\t\t\t<div class=\"elementor-widget-container\">\n\t\t\t\t\t<h4 class=\"elementor-heading-title elementor-size-default\">5.4 Einschr\u00e4nkung der Verarbeitung<\/h4>\t\t\t\t<\/div>\n\t\t\t\t<\/div>\n\t\t\t\t<div class=\"elementor-element elementor-element-8124811 elementor-widget elementor-widget-text-editor\" data-id=\"8124811\" data-element_type=\"widget\" data-widget_type=\"text-editor.default\">\n\t\t\t\t<div class=\"elementor-widget-container\">\n\t\t\t\t\t\t\t\t\t<p>Sie k\u00f6nnen von uns die Einschr\u00e4nkung der Verarbeitung verlangen, wenn einer der nachstehenden Gr\u00fcnde zutrifft:<br \/>Sie bestreiten die Richtigkeit der personenbezogenen Daten. Die Einschr\u00e4nkung kann in diesem Fall f\u00fcr die Dauer verlangt werden, die es uns erm\u00f6glicht, die Richtigkeit der Daten zu \u00fcberpr\u00fcfen.<br \/>Die Verarbeitung ist unrechtm\u00e4\u00dfig und Sie verlangen statt L\u00f6schung die Einschr\u00e4nkung der Nutzung Ihrer personenbezogenen Daten.<br \/>Ihre personenbezogenen Daten werden von uns nicht l\u00e4nger f\u00fcr die Zwecke der Verarbeitung ben\u00f6tigt, die Sie jedoch zur Geltendmachung, Aus\u00fcbung oder Verteidigung von Rechtsanspr\u00fcchen ben\u00f6tigen.<br \/>Sie haben Widerspruch gem. Art. 21 Abs. 1 DSGVO eingelegt. Die Einschr\u00e4nkung der Verarbeitung kann solange verlangt werden, wie noch nicht feststeht, ob unsere berechtigten Gr\u00fcnde gegen\u00fcber Ihren Gr\u00fcnden \u00fcberwiegen.<br \/>Einschr\u00e4nkung der Verarbeitung bedeutet, dass die personenbezogenen Daten nur mit Ihrer Einwilligung oder zur Geltendmachung, Aus\u00fcbung oder Verteidigung von Rechtsanspr\u00fcchen oder zum Schutz der Rechte einer anderen nat\u00fcrlichen oder juristischen Person oder aus Gr\u00fcnden eines wichtigen \u00f6ffentlichen Interesses verarbeitet werden. Bevor wir die Einschr\u00e4nkung aufheben, haben wir die Pflicht, Sie dar\u00fcber zu unterrichten.\u00a0<\/p>\t\t\t\t\t\t\t\t<\/div>\n\t\t\t\t<\/div>\n\t\t\t\t<div class=\"elementor-element elementor-element-ff60a22 elementor-widget elementor-widget-heading\" data-id=\"ff60a22\" data-element_type=\"widget\" data-widget_type=\"heading.default\">\n\t\t\t\t<div class=\"elementor-widget-container\">\n\t\t\t\t\t<h4 class=\"elementor-heading-title elementor-size-default\">5.5 Daten\u00fcbertragbarkeit<\/h4>\t\t\t\t<\/div>\n\t\t\t\t<\/div>\n\t\t\t\t<div class=\"elementor-element elementor-element-4f49153 elementor-widget elementor-widget-text-editor\" data-id=\"4f49153\" data-element_type=\"widget\" data-widget_type=\"text-editor.default\">\n\t\t\t\t<div class=\"elementor-widget-container\">\n\t\t\t\t\t\t\t\t\t<p>Sie haben ein Recht auf Daten\u00fcbertragbarkeit, sofern die Verarbeitung auf Ihrer Einwilligung (Art. 6 Abs. 1 Satz 1 Buchst. a) oder Art. 9 Abs. 2 Buchst. a) DSGVO) oder auf einem Vertrag beruht, dessen Vertragspartei Sie sind und die Verarbeitung mithilfe automatisierter Verfahren erfolgt. Das Recht auf Daten\u00fcbertragbarkeit beinhaltet in diesem Fall folgende Rechte, sofern hierdurch nicht die Rechte und Freiheiten anderer Personen beeintr\u00e4chtigt werden: Sie k\u00f6nnen von uns verlangen, die personenbezogenen Daten, die Sie uns bereit gestellt haben, in einem strukturierten, g\u00e4ngigen und maschinenlesbaren Format zu erhalten. Sie haben das Recht, diese Daten einem anderen Verantwortlichen ohne Behinderung unserseits zu \u00fcbermitteln. Soweit technisch machbar, k\u00f6nnen Sie von uns verlangen, dass wir Ihre personenbezogenen Daten direkt an einen anderen Verantwortlichen \u00fcbermitteln.<\/p>\t\t\t\t\t\t\t\t<\/div>\n\t\t\t\t<\/div>\n\t\t\t\t<div class=\"elementor-element elementor-element-91d972e elementor-widget elementor-widget-heading\" data-id=\"91d972e\" data-element_type=\"widget\" data-widget_type=\"heading.default\">\n\t\t\t\t<div class=\"elementor-widget-container\">\n\t\t\t\t\t<h4 class=\"elementor-heading-title elementor-size-default\">5.6 Widerspruch<\/h4>\t\t\t\t<\/div>\n\t\t\t\t<\/div>\n\t\t\t\t<div class=\"elementor-element elementor-element-285c232 elementor-widget elementor-widget-text-editor\" data-id=\"285c232\" data-element_type=\"widget\" data-widget_type=\"text-editor.default\">\n\t\t\t\t<div class=\"elementor-widget-container\">\n\t\t\t\t\t\t\t\t\t<p>Sofern die Verarbeitung auf Art. 6 Abs. 1 Satz 1 Buchst. e) DSGVO (Wahrnehmung einer Aufgabe im \u00f6ffentlichen Interesse oder in Aus\u00fcbung \u00f6ffentlicher Gewalt) oder auf Art. 6 Abs. 1 Satz 1 Buchst. f) DSGVO (berechtigtes Interesse des Verantwortlichen oder eines Dritten) beruht, haben Sie das Recht, aus Gr\u00fcnden, die sich aus Ihrer besonderen Situation ergeben, jederzeit gegen die Verarbeitung der Sie betreffenden personenbezogenen Daten Widerspruch einzulegen. Das gilt auch f\u00fcr ein auf Art. 6 Abs. 1 Satz 1 Buchst. e) oder Buchst. f) DSGVO gest\u00fctztes Profiling. Nach Aus\u00fcbung des Widerspruchsrechts verarbeiten wir Ihre personenbezogenen Daten nicht mehr, es sei denn, wir k\u00f6nnen zwingende schutzw\u00fcrdige Gr\u00fcnde f\u00fcr die Verarbeitung nachweisen, die Ihre Interessen, Rechte und Freiheiten \u00fcberwiegen, oder die Verarbeitung dient der Geltendmachung, Aus\u00fcbung oder Verteidigung von Rechtsanspr\u00fcchen. Sie k\u00f6nnen jederzeit Widerspruch gegen die Verarbeitung der Sie betreffenden personenbezogenen Daten zu Zwecken der Direktwerbung einlegen. Das gilt auch f\u00fcr ein Profiling, das mit einer solchen Direktwerbung in Verbindung steht. Nach Aus\u00fcbung dieses Widerspruchsrechts werden wir die betreffenden personenbezogenen Daten nicht mehr f\u00fcr Zwecke der Direktwerbung verwenden. Sie haben die M\u00f6glichkeit, den Widerspruch telefonisch, per E-Mail, ggf. per Telefax oder an unsere zu Beginn dieser Datenschutzerkl\u00e4rung aufgef\u00fchrte Postadresse unserer Kanzlei formlos mitzuteilen.<\/p>\t\t\t\t\t\t\t\t<\/div>\n\t\t\t\t<\/div>\n\t\t\t\t<div class=\"elementor-element elementor-element-2ea0820 elementor-widget elementor-widget-heading\" data-id=\"2ea0820\" data-element_type=\"widget\" data-widget_type=\"heading.default\">\n\t\t\t\t<div class=\"elementor-widget-container\">\n\t\t\t\t\t<h4 class=\"elementor-heading-title elementor-size-default\">5.7 Widerruf einer Einwilligung<\/h4>\t\t\t\t<\/div>\n\t\t\t\t<\/div>\n\t\t\t\t<div class=\"elementor-element elementor-element-2c842b4 elementor-widget elementor-widget-text-editor\" data-id=\"2c842b4\" data-element_type=\"widget\" data-widget_type=\"text-editor.default\">\n\t\t\t\t<div class=\"elementor-widget-container\">\n\t\t\t\t\t\t\t\t\t<p>Sie haben das Recht, eine erteilte Einwilligung jederzeit mit Wirkung f\u00fcr die Zukunft zu widerrufen. Der Widerruf der Einwilligung kann telefonisch, per E-Mail, ggf. per Telefax oder an unsere Postadresse formlos mitgeteilt werden. Durch den Widerruf wird die Rechtm\u00e4\u00dfigkeit der Datenverarbeitung, die aufgrund der Einwilligung bis zum Eingang des Widerrufs erfolgt ist, nicht ber\u00fchrt. Nach Eingang des Widerrufs wird die Datenverarbeitung, die ausschlie\u00dflich auf Ihrer Einwilligung beruhte, eingestellt.<\/p>\t\t\t\t\t\t\t\t<\/div>\n\t\t\t\t<\/div>\n\t\t\t\t<div class=\"elementor-element elementor-element-1131e5d elementor-widget elementor-widget-heading\" data-id=\"1131e5d\" data-element_type=\"widget\" data-widget_type=\"heading.default\">\n\t\t\t\t<div class=\"elementor-widget-container\">\n\t\t\t\t\t<h4 class=\"elementor-heading-title elementor-size-default\">5.8 Beschwerde<\/h4>\t\t\t\t<\/div>\n\t\t\t\t<\/div>\n\t\t\t\t<div class=\"elementor-element elementor-element-ac50249 elementor-widget elementor-widget-text-editor\" data-id=\"ac50249\" data-element_type=\"widget\" data-widget_type=\"text-editor.default\">\n\t\t\t\t<div class=\"elementor-widget-container\">\n\t\t\t\t\t\t\t\t\t<p>Wenn Sie der Ansicht sind, dass die Verarbeitung der Sie betreffenden personenbezogenen Daten rechtswidrig ist, k\u00f6nnen Sie Beschwerde bei einer Aufsichtsbeh\u00f6rde f\u00fcr den Datenschutz einlegen, die f\u00fcr den Ort Ihres Aufenthaltes oder Arbeitsplatzes oder f\u00fcr den Ort des mutma\u00dflichen Versto\u00dfes zust\u00e4ndig ist.<\/p>\t\t\t\t\t\t\t\t<\/div>\n\t\t\t\t<\/div>\n\t\t\t\t\t<\/div>\n\t\t\t\t<\/div>\n\t\t<div class=\"elementor-element elementor-element-b08dcd2 e-flex e-con-boxed e-con e-parent\" data-id=\"b08dcd2\" data-element_type=\"container\">\n\t\t\t\t\t<div class=\"e-con-inner\">\n\t\t\t\t<div class=\"elementor-element elementor-element-09b4d8c elementor-widget elementor-widget-heading\" data-id=\"09b4d8c\" data-element_type=\"widget\" data-widget_type=\"heading.default\">\n\t\t\t\t<div class=\"elementor-widget-container\">\n\t\t\t\t\t<h3 class=\"elementor-heading-title elementor-size-default\">6. Stand und Aktualisierung dieser Datenschutzerkl\u00e4rung<\/h3>\t\t\t\t<\/div>\n\t\t\t\t<\/div>\n\t\t\t\t<div class=\"elementor-element elementor-element-0efae76 elementor-widget elementor-widget-text-editor\" data-id=\"0efae76\" data-element_type=\"widget\" data-widget_type=\"text-editor.default\">\n\t\t\t\t<div class=\"elementor-widget-container\">\n\t\t\t\t\t\t\t\t\t<p>Diese Datenschutzerkl\u00e4rung hat den Stand vom 26. April 2024. Wir behalten uns vor, die Datenschutzerkl\u00e4rung zu gegebener Zeit zu aktualisieren, um den Datenschutz zu verbessern und\/oder an ge\u00e4nderte Beh\u00f6rdenpraxis oder Rechtsprechung anzupassen.<\/p>\t\t\t\t\t\t\t\t<\/div>\n\t\t\t\t<\/div>\n\t\t\t\t\t<\/div>\n\t\t\t\t<\/div>\n\t\t\t\t<\/div>","protected":false},"excerpt":{"rendered":"<p>Datenschutzerkl\u00e4rung \u00a7 1 Haftungsbeschr\u00e4nkung Die Inhalte dieser Website werden mit gr\u00f6\u00dftm\u00f6glicher Sorgfalt erstellt. Der Anbieter \u00fcbernimmt jedoch keine Gew\u00e4hr f\u00fcr die Richtigkeit, Vollst\u00e4ndigkeit und Aktualit\u00e4t der bereitgestellten Inhalte. Die Nutzung der Inhalte der Website erfolgt auf eigene Gefahr des Nutzers. Namentlich gekennzeichnete Beitr\u00e4ge geben die Meinung des jeweiligen Autors und nicht immer die Meinung des &#8230; <a title=\"Data protection\" class=\"read-more\" href=\"https:\/\/schmidtberaten.tax\/en\/datenschutz\/\" aria-label=\"Read more about Datenschutz\">Read more<\/a><\/p>","protected":false},"author":1,"featured_media":0,"parent":0,"menu_order":0,"comment_status":"closed","ping_status":"closed","template":"elementor_header_footer","meta":{"footnotes":""},"class_list":["post-20","page","type-page","status-publish"],"yoast_head":"<!-- This site is optimized with the Yoast SEO plugin v26.8 - https:\/\/yoast.com\/product\/yoast-seo-wordpress\/ -->\n<title>Datenschutz - SchmidtBeraten<\/title>\n<meta name=\"description\" content=\"Steuern sind Chefsache: Mit langj\u00e4hriger Erfahrung und Fachkenntnissen in Steuerfragen stehe ich Ihnen beratend zur Seite.\" \/>\n<meta name=\"robots\" content=\"index, follow, max-snippet:-1, max-image-preview:large, max-video-preview:-1\" \/>\n<link rel=\"canonical\" href=\"https:\/\/schmidtberaten.tax\/en\/datenschutz\/\" \/>\n<meta property=\"og:locale\" content=\"en_GB\" \/>\n<meta property=\"og:type\" content=\"article\" \/>\n<meta property=\"og:title\" content=\"Datenschutz - SchmidtBeraten\" \/>\n<meta property=\"og:description\" content=\"Steuern sind Chefsache: Mit langj\u00e4hriger Erfahrung und Fachkenntnissen in Steuerfragen stehe ich Ihnen beratend zur Seite.\" \/>\n<meta property=\"og:url\" content=\"https:\/\/schmidtberaten.tax\/en\/datenschutz\/\" \/>\n<meta property=\"og:site_name\" content=\"SchmidtBeraten\" \/>\n<meta property=\"article:modified_time\" content=\"2024-10-18T07:18:07+00:00\" \/>\n<meta name=\"twitter:card\" content=\"summary_large_image\" \/>\n<meta name=\"twitter:label1\" content=\"Estimated reading time\" \/>\n\t<meta name=\"twitter:data1\" content=\"13 minutes\" \/>\n<script type=\"application\/ld+json\" class=\"yoast-schema-graph\">{\"@context\":\"https:\/\/schema.org\",\"@graph\":[{\"@type\":\"WebPage\",\"@id\":\"https:\/\/schmidtberaten.tax\/datenschutz\/\",\"url\":\"https:\/\/schmidtberaten.tax\/datenschutz\/\",\"name\":\"Datenschutz - SchmidtBeraten\",\"isPartOf\":{\"@id\":\"https:\/\/schmidtberaten.tax\/#website\"},\"datePublished\":\"2024-09-24T09:25:02+00:00\",\"dateModified\":\"2024-10-18T07:18:07+00:00\",\"description\":\"Steuern sind Chefsache: Mit langj\u00e4hriger Erfahrung und Fachkenntnissen in Steuerfragen stehe ich Ihnen beratend zur Seite.\",\"breadcrumb\":{\"@id\":\"https:\/\/schmidtberaten.tax\/datenschutz\/#breadcrumb\"},\"inLanguage\":\"en-GB\",\"potentialAction\":[{\"@type\":\"ReadAction\",\"target\":[\"https:\/\/schmidtberaten.tax\/datenschutz\/\"]}]},{\"@type\":\"BreadcrumbList\",\"@id\":\"https:\/\/schmidtberaten.tax\/datenschutz\/#breadcrumb\",\"itemListElement\":[{\"@type\":\"ListItem\",\"position\":1,\"name\":\"Startseite\",\"item\":\"https:\/\/schmidtberaten.tax\/\"},{\"@type\":\"ListItem\",\"position\":2,\"name\":\"Datenschutz\"}]},{\"@type\":\"WebSite\",\"@id\":\"https:\/\/schmidtberaten.tax\/#website\",\"url\":\"https:\/\/schmidtberaten.tax\/\",\"name\":\"SchmidtBeraten\",\"description\":\"Digitale Steuerberatung\",\"publisher\":{\"@id\":\"https:\/\/schmidtberaten.tax\/#organization\"},\"potentialAction\":[{\"@type\":\"SearchAction\",\"target\":{\"@type\":\"EntryPoint\",\"urlTemplate\":\"https:\/\/schmidtberaten.tax\/?s={search_term_string}\"},\"query-input\":{\"@type\":\"PropertyValueSpecification\",\"valueRequired\":true,\"valueName\":\"search_term_string\"}}],\"inLanguage\":\"en-GB\"},{\"@type\":\"Organization\",\"@id\":\"https:\/\/schmidtberaten.tax\/#organization\",\"name\":\"SchmidtBeraten\",\"url\":\"https:\/\/schmidtberaten.tax\/\",\"logo\":{\"@type\":\"ImageObject\",\"inLanguage\":\"en-GB\",\"@id\":\"https:\/\/schmidtberaten.tax\/#\/schema\/logo\/image\/\",\"url\":\"https:\/\/schmidtberaten.tax\/wp-content\/uploads\/2024\/10\/schmidtberatentax-logo.png\",\"contentUrl\":\"https:\/\/schmidtberaten.tax\/wp-content\/uploads\/2024\/10\/schmidtberatentax-logo.png\",\"width\":2000,\"height\":850,\"caption\":\"SchmidtBeraten\"},\"image\":{\"@id\":\"https:\/\/schmidtberaten.tax\/#\/schema\/logo\/image\/\"}}]}<\/script>\n<!-- \/ Yoast SEO plugin. -->","yoast_head_json":{"title":"Datenschutz - SchmidtBeraten","description":"Steuern sind Chefsache: Mit langj\u00e4hriger Erfahrung und Fachkenntnissen in Steuerfragen stehe ich Ihnen beratend zur Seite.","robots":{"index":"index","follow":"follow","max-snippet":"max-snippet:-1","max-image-preview":"max-image-preview:large","max-video-preview":"max-video-preview:-1"},"canonical":"https:\/\/schmidtberaten.tax\/en\/datenschutz\/","og_locale":"en_GB","og_type":"article","og_title":"Datenschutz - SchmidtBeraten","og_description":"Steuern sind Chefsache: Mit langj\u00e4hriger Erfahrung und Fachkenntnissen in Steuerfragen stehe ich Ihnen beratend zur Seite.","og_url":"https:\/\/schmidtberaten.tax\/en\/datenschutz\/","og_site_name":"SchmidtBeraten","article_modified_time":"2024-10-18T07:18:07+00:00","twitter_card":"summary_large_image","twitter_misc":{"Estimated reading time":"13 minutes"},"schema":{"@context":"https:\/\/schema.org","@graph":[{"@type":"WebPage","@id":"https:\/\/schmidtberaten.tax\/datenschutz\/","url":"https:\/\/schmidtberaten.tax\/datenschutz\/","name":"Datenschutz - SchmidtBeraten","isPartOf":{"@id":"https:\/\/schmidtberaten.tax\/#website"},"datePublished":"2024-09-24T09:25:02+00:00","dateModified":"2024-10-18T07:18:07+00:00","description":"Steuern sind Chefsache: Mit langj\u00e4hriger Erfahrung und Fachkenntnissen in Steuerfragen stehe ich Ihnen beratend zur Seite.","breadcrumb":{"@id":"https:\/\/schmidtberaten.tax\/datenschutz\/#breadcrumb"},"inLanguage":"en-GB","potentialAction":[{"@type":"ReadAction","target":["https:\/\/schmidtberaten.tax\/datenschutz\/"]}]},{"@type":"BreadcrumbList","@id":"https:\/\/schmidtberaten.tax\/datenschutz\/#breadcrumb","itemListElement":[{"@type":"ListItem","position":1,"name":"Startseite","item":"https:\/\/schmidtberaten.tax\/"},{"@type":"ListItem","position":2,"name":"Datenschutz"}]},{"@type":"WebSite","@id":"https:\/\/schmidtberaten.tax\/#website","url":"https:\/\/schmidtberaten.tax\/","name":"SchmidtBeraten","description":"Digital Tax Consulting","publisher":{"@id":"https:\/\/schmidtberaten.tax\/#organization"},"potentialAction":[{"@type":"SearchAction","target":{"@type":"EntryPoint","urlTemplate":"https:\/\/schmidtberaten.tax\/?s={search_term_string}"},"query-input":{"@type":"PropertyValueSpecification","valueRequired":true,"valueName":"search_term_string"}}],"inLanguage":"en-GB"},{"@type":"Organization","@id":"https:\/\/schmidtberaten.tax\/#organization","name":"SchmidtBeraten","url":"https:\/\/schmidtberaten.tax\/","logo":{"@type":"ImageObject","inLanguage":"en-GB","@id":"https:\/\/schmidtberaten.tax\/#\/schema\/logo\/image\/","url":"https:\/\/schmidtberaten.tax\/wp-content\/uploads\/2024\/10\/schmidtberatentax-logo.png","contentUrl":"https:\/\/schmidtberaten.tax\/wp-content\/uploads\/2024\/10\/schmidtberatentax-logo.png","width":2000,"height":850,"caption":"SchmidtBeraten"},"image":{"@id":"https:\/\/schmidtberaten.tax\/#\/schema\/logo\/image\/"}}]}},"_links":{"self":[{"href":"https:\/\/schmidtberaten.tax\/en\/wp-json\/wp\/v2\/pages\/20","targetHints":{"allow":["GET"]}}],"collection":[{"href":"https:\/\/schmidtberaten.tax\/en\/wp-json\/wp\/v2\/pages"}],"about":[{"href":"https:\/\/schmidtberaten.tax\/en\/wp-json\/wp\/v2\/types\/page"}],"author":[{"embeddable":true,"href":"https:\/\/schmidtberaten.tax\/en\/wp-json\/wp\/v2\/users\/1"}],"replies":[{"embeddable":true,"href":"https:\/\/schmidtberaten.tax\/en\/wp-json\/wp\/v2\/comments?post=20"}],"version-history":[{"count":37,"href":"https:\/\/schmidtberaten.tax\/en\/wp-json\/wp\/v2\/pages\/20\/revisions"}],"predecessor-version":[{"id":421,"href":"https:\/\/schmidtberaten.tax\/en\/wp-json\/wp\/v2\/pages\/20\/revisions\/421"}],"wp:attachment":[{"href":"https:\/\/schmidtberaten.tax\/en\/wp-json\/wp\/v2\/media?parent=20"}],"curies":[{"name":"wp","href":"https:\/\/api.w.org\/{rel}","templated":true}]}}